{"id":51,"date":"2021-10-26T16:50:48","date_gmt":"2021-10-26T14:50:48","guid":{"rendered":"http:\/\/www.catedraldevic.org\/?page_id=51"},"modified":"2024-12-16T16:06:46","modified_gmt":"2024-12-16T15:06:46","slug":"lacatedral","status":"publish","type":"page","link":"https:\/\/www.catedraldevic.org\/?page_id=51","title":{"rendered":"La catedral"},"content":{"rendered":"<p>[et_pb_section fb_built=&#8221;1&#8243; fullwidth=&#8221;on&#8221; _builder_version=&#8221;4.16&#8243; _module_preset=&#8221;default&#8221; background_enable_image=&#8221;off&#8221; global_colors_info=&#8221;{}&#8221;][et_pb_fullwidth_slider use_bg_overlay=&#8221;off&#8221; use_text_overlay=&#8221;off&#8221; _builder_version=&#8221;4.16&#8243; _module_preset=&#8221;default&#8221; background_enable_image=&#8221;off&#8221; parallax=&#8221;on&#8221; parallax_method=&#8221;on&#8221; auto=&#8221;on&#8221; global_colors_info=&#8221;{}&#8221;][et_pb_slide heading=&#8221;La catedral&#8221; use_bg_overlay=&#8221;on&#8221; use_text_overlay=&#8221;off&#8221; _builder_version=&#8221;4.16&#8243; _module_preset=&#8221;default&#8221; background_color=&#8221;RGBA(255,255,255,0)&#8221; background_enable_color=&#8221;on&#8221; background_image=&#8221;http:\/\/www.catedraldevic.org\/wp-content\/uploads\/SLIDES_CATEDRAL_1.jpg&#8221; background_enable_image=&#8221;on&#8221; width=&#8221;90%&#8221; max_width=&#8221;1024px&#8221; global_colors_info=&#8221;{}&#8221; sticky_transition=&#8221;on&#8221;][\/et_pb_slide][\/et_pb_fullwidth_slider][\/et_pb_section][et_pb_section fb_built=&#8221;1&#8243; _builder_version=&#8221;4.16&#8243; _module_preset=&#8221;default&#8221; global_colors_info=&#8221;{}&#8221;][et_pb_row _builder_version=&#8221;4.16&#8243; _module_preset=&#8221;default&#8221; custom_padding=&#8221;||0px||false|false&#8221; global_colors_info=&#8221;{}&#8221;][et_pb_column type=&#8221;4_4&#8243; _builder_version=&#8221;4.16&#8243; _module_preset=&#8221;default&#8221; global_colors_info=&#8221;{}&#8221;][et_pb_text _builder_version=&#8221;4.16&#8243; _module_preset=&#8221;default&#8221; global_colors_info=&#8221;{}&#8221;]<\/p>\n<h2 style=\"text-align: center;\">La catedral de Sant Pere de Vic<\/h2>\n<p>[\/et_pb_text][\/et_pb_column][\/et_pb_row][et_pb_row _builder_version=&#8221;4.16&#8243; _module_preset=&#8221;default&#8221; global_colors_info=&#8221;{}&#8221;][et_pb_column type=&#8221;4_4&#8243; _builder_version=&#8221;4.16&#8243; _module_preset=&#8221;default&#8221; global_colors_info=&#8221;{}&#8221;][et_pb_accordion _builder_version=&#8221;4.16&#8243; _module_preset=&#8221;default&#8221; global_colors_info=&#8221;{}&#8221;][et_pb_accordion_item title=&#8221;De la primitiva Seu Ausonense a la catedral d&#8217;Oliba&#8221; open=&#8221;on&#8221; _builder_version=&#8221;4.16&#8243; _module_preset=&#8221;default&#8221; global_colors_info=&#8221;{}&#8221;]Les reformes del segle XLa bas\u00edlica que va servir de seu episcopal a l&#8217;antiga Ausa , aixecada immediatament despr\u00e9s del triomf del cristianisme, al segle IV, estava situada molt probablement a la part alta de la ciutat, just al costat del temple rom\u00e0, a l&#8217;\u00e0rea que avui ocupa l&#8217;esgl\u00e9sia de la Pietat. Amb la invasi\u00f3 dels \u00e0rabs, al segle VIII, va ser eliminat el culte, i, en cas que hagu\u00e9s sobreviscut, va sucumbir durant la destrucci\u00f3 de la ciutat esdevinguda durant la revolta d&#8217;Aiss\u00f3, el 826, que va fer desapar\u00e8ixer definitivament el baluard hist\u00f2ric dels ausetans.<\/p>\n<p>Encara recent la reconquesta del territori d&#8217;Osona per Guifr\u00e9, l&#8217;any 886, i restaurada la di\u00f2cesi amb el primer bisbe, Gotmar, va ren\u00e9ixer l&#8217;antiga ciutat a la part baixa del tur\u00f3, amb el nom de Vic, mentre la part alta quedava sota domini militar &#8211; un domini que va transformar en castell el temple rom\u00e0 i els seus voltants. El bisbe va despla\u00e7ar a la part baixa, on naixia la nova poblaci\u00f3, el nucli de vida religiosa, concebut seguint les idees pr\u00f2pies de la lit\u00fargia visig\u00f2tica, que comportava l&#8217;exist\u00e8ncia de tres esgl\u00e9sies com a centre de resid\u00e8ncia episcopal. La principal va ser dedicada a Sant Pere, una altra a la Mare de D\u00e9u, i la tercera, en funcions de baptisteri, va ser dedicada a Sant Miquel; les tres van ser aixecades r\u00e0pidament abans de l&#8217;any 888, amb materials precaris.<\/p>\n<p>Ignorem la disposici\u00f3 que tenia, en el seu pla primitiu, l&#8217;esgl\u00e9sia de Sant Pere, per\u00f2 hem de pensar que va ser r\u00e0pidament ampliada o substitu\u00efda per una altra temple de majors dimensions. A mitjan segle X es present\u00e0 com una esgl\u00e9sia de tres naus amb tres absis. Sota el pontificat de Vladimir (948-957) va ser consagrada l&#8217;esgl\u00e9sia de Sant Miquel, que estava dotada de cripta.<\/p>\n<p>Pocs decennis van durar aquestes construccions, que van donar lloc a una catedral de dimensions m\u00e9s grans que el geni constructor del bisbe Oliba (1018-1046) va planejar amb la mateixa empenta a les esgl\u00e9sies edificades als monestirs de Ripoll i de Cuix\u00e0. La nova catedral, consagrada el 1038, consistia en una \u00e0mplia nau i un transsepte amb dues absidioles per banda. La nau era acabada per un extens presbiteri coronat per un absis que s&#8217;aixecava sobre una cripta d&#8217;id\u00e8ntica \u00e0rea. L&#8217;any 1064 es va acabar la construcci\u00f3 del campanar, encara avui subsistent, monument insigne i caracter\u00edstic de la ciutat.<br \/>\n[\/et_pb_accordion_item][et_pb_accordion_item title=&#8221;De les transformacions del segle XII als projectes del XVII&#8221; _builder_version=&#8221;4.16&#8243; _module_preset=&#8221;default&#8221; global_colors_info=&#8221;{}&#8221; open=&#8221;off&#8221;]La vida exuberant adquirida per la can\u00f2nica vicense des de la seva restauraci\u00f3 definitiva, ocorreguda el 1080, va suposar un increment de l&#8217;obra de la catedral, revelat per les excavacions. La cripta va ser prolongada cap al creuer i es va avan\u00e7ar la nau, que va ser coordinada, al seu extrem, amb una rica portada, \u00e8mula de la del monestir de Ripoll. Aquestes activitats constructives van coincidir amb la renovaci\u00f3 total de la primitiva esgl\u00e9sia de Santa Maria, situada al davant de la catedral, que a mitjans del segle XII va adquirir una nova estructura de tipus circular, coberta amb una c\u00fapula sobre la qual s&#8217;aixecava un campanar de torre.<\/p>\n<p>En \u00e8poques posteriors no es van introduir sensibles reformes en l&#8217;obra de la catedral, que responia b\u00e9 a les seves funcions i permetia als canonges ocupar-se de la tasca de millorar la can\u00f2nica. En quedar aquesta quelcom pobre, amb el seu simple claustre rom\u00e0nic consistent en uns p\u00f2rtics coberts amb volta de creueria, sense gaires elements arquitect\u00f2nics ornamentals, es va decidir la construcci\u00f3 d&#8217;un pis superior, concebut a manera de grans finestrals plens de traceries geom\u00e8triques. Aquesta obra, impressionant pel seu conjunt i per la delicadesa dels seus detalls va ser iniciada el 1318 i acabada el 1400.<\/p>\n<p>S&#8217;imposava, per molt diverses raons, una renovaci\u00f3 del creuer; aquesta va ser comen\u00e7ada l&#8217;any 1401 i acabada el 1430. Amb aquesta reforma, es va transformar el presbiteri i es va traslladar el cor al centre de la nau principal. Va ser arrasada fins als fonaments la part de la cripta que havia estat ampliada al segle XII i es va suprimir la coberta de l&#8217;antiga cripta, el buit de la qual va ser cobert amb runes per aix\u00ed rebaixar el pis del nou presbiteri. Aquest presbiteri va ser tancat, el 1427, per una reixa de ferro forjat per preservar millor el nou i magn\u00edfic retaule d&#8217;alabastre que all\u00e0 es va col\u00b7locar.<\/p>\n<p>El conjunt de la catedral resultant de tantes obres fetes en diferents per\u00edodes no responia correctament al gust del segle XVII, ni podia satisfer les exig\u00e8ncies del culte d&#8217;una ciutat que havia crescut considerablement. Van ser molts els estudis fets per obtenir una catedral m\u00e9s gran que, al final, es va concretar en una esgl\u00e9sia d&#8217;ampla nau amb capelles laterals. D&#8217;acord amb aquest pla es va posar la primera pedra de la nova obra l&#8217;any 1633, es va comen\u00e7ar per l&#8217;actual capella de Sant Bernat i es va continuar amb la construcci\u00f3 de les altres quatre capelles seg\u00fcents. Aquestes obres, que es van prolongar &#8211; amb llargues intermit\u00e8ncies &#8211; fins al 1680, van quedar definitivament interrompudes, tant pel cost que suposava la seva prossecuci\u00f3, com per la dificultat existent en el costat oposat de la nau, on la pres\u00e8ncia del claustre impedia el desenvolupament del projecte.<br \/>\n[\/et_pb_accordion_item][et_pb_accordion_item title=&#8221;De la catedral Neocl\u00e0ssica a l&#8217;actualitat&#8221; _builder_version=&#8221;4.16&#8243; _module_preset=&#8221;default&#8221; global_colors_info=&#8221;{}&#8221; open=&#8221;off&#8221;]Va passar prop d&#8217;un segle abans de resoldre&#8217;s el problema de la nova catedral. Davant les dificultats, el bisbe Antonio Artalejo va posar tot el seu esfor\u00e7 en la prossecuci\u00f3 de les obres, intentant combinar la part constru\u00efda durant el segle XVII amb el claustre. No es van unificar les opinions sobre aquest projecte fins que, en morir-se aquest bisbe, el cap\u00edtol catedralici, secundat posteriorment pel bisbe Vey\u00e1n, va posar en execuci\u00f3 el projecte de l&#8217;arquitecte local Josep Morat\u00f3.<\/p>\n<p>La nova catedral, consagrada el 15 de setembre de 1803, forma una gran aula dividida, mitjan\u00e7ant pilastres, en tres naus de la mateixa al\u00e7ada, cobertes amb voltes semiesf\u00e8riques i amb c\u00fapula, acabada en un profund absis i flanquejada per capelles. Fa 69,5 metres de llarg per 29 d&#8217;ample, sense les capelles. T\u00e9 una al\u00e7ada de 27,5 metres en les voltes i de 35 metres en la c\u00fapula. L&#8217;estructura respon a un estil neocl\u00e0ssic i tendeix a una certa fredor acad\u00e8mica.<br \/>\nEs van salvar, de la demolici\u00f3 de la catedral, els dos claustres superposats, gr\u00e0cies a la intervenci\u00f3 del poble que va imposar la seva conservaci\u00f3. Desmuntats els seus elements i numerades les seves pedres, van ser reconstru\u00efts en la forma actual l&#8217;any 1806. A l&#8217;angle de migdia de la galeria oriental hi va ser aixecada una capella cupular en substituci\u00f3 de l&#8217;esgl\u00e9sia de Santa Maria de la Rodona, eliminada en construir la nova catedral.<\/p>\n<p>La catedral constru\u00efda per Josep Morat\u00f3 va estar m\u00e9s d&#8217;un segle amb unes parets blanques de cal\u00e7 que reclamaven una decoraci\u00f3 adequada. Aquesta decoraci\u00f3 li va ser donada, entre 1926 i 1930, gr\u00e0cies a les fastuoses teles de Josep Maria Sert, que van produir una harmonia decorativa que va fer fam\u00f3s el pintor i la catedral.<\/p>\n<p>El juliol de 1936 l&#8217;incendi revolucionari va penetrar a l&#8217;interior del temple i va destruir tot el cabal decoratiu, i fins a les voltes, que es van enderrocar una rere l&#8217;altra. L&#8217;aspecte desolador que oferia el conjunt de la catedral eliminava l&#8217;esperan\u00e7a de veure-la ressorgir. Per\u00f2 gr\u00e0cies a l&#8217;inter\u00e8s despertat, es va poder fer la restauraci\u00f3 sota els auspicis del govern, al costat de l&#8217;entusiasme de Josep Maria Sert, que es va oferir a fer una nova decoraci\u00f3.<\/p>\n<p>La catedral va ser ampliada amb la construcci\u00f3 d&#8217;un deambulatori. El cor va ser empla\u00e7at al fons de l&#8217;absis, amb la creaci\u00f3 d&#8217;un nou presbiteri amb altar central, sota la c\u00fapula. Amb motiu de les obres es van realitzar excavacions arqueol\u00f2giques al s\u00f2l del temple que van permetre delimitar el tra\u00e7at de les construccions primitives i van posar al descobert la part antiga de la cripta de la catedral consagrada el 1038, que va estar convenientment reintegrada mitjan\u00e7ant la construcci\u00f3 d&#8217;una nova coberta.<\/p>\n<p>A la nova empresa, Sert no va reproduir la decoraci\u00f3 desapareguda. Va participar de nous conceptes i d&#8217;altres distribucions. El tema de les composicions \u00e9s concebut a la manera de quadres plens de masses i figures executades amb el relleu m\u00e9s gran que la pintura pot donar de si, amb un contrast violent de clars-foscos efectuats amb tons s\u00e8pia sobre fons daurat.<\/p>\n<p>En el pol\u00edptic de l&#8217;absis culmina la trag\u00e8dia de la crucifixi\u00f3 del Senyor, entre les escenes del seu enterrament i de l&#8217;ascensi\u00f3. Continuen a les parets del creuer, les quatre escenes del cicle relatiu a la p\u00e8rdua de la just\u00edcia original i a la caiguda dels primers pares. Sobre els arcs de les capelles laterals es desenvolupen les escenes del martiri dels ap\u00f2stols i evangelistes. En el tr\u00edptic format pels murs sobre les portes d&#8217;ingr\u00e9s, es contraposen els temes que representen Jes\u00fas traient els mercaders del temple, i ell mateix sortint amb la creu a les espatlles, flanquejant l&#8217;escena central, que representa la condemna pronunciada per Pilats, que es renta les mans.<br \/>\n[\/et_pb_accordion_item][\/et_pb_accordion][\/et_pb_column][\/et_pb_row][\/et_pb_section][et_pb_section fb_built=&#8221;1&#8243; _builder_version=&#8221;4.16&#8243; _module_preset=&#8221;default&#8221; custom_margin=&#8221;-94px||||false|false&#8221; global_colors_info=&#8221;{}&#8221;][et_pb_row column_structure=&#8221;1_2,1_2&#8243; _builder_version=&#8221;4.16&#8243; _module_preset=&#8221;default&#8221; global_colors_info=&#8221;{}&#8221;][et_pb_column type=&#8221;1_2&#8243; _builder_version=&#8221;4.16&#8243; _module_preset=&#8221;default&#8221; global_colors_info=&#8221;{}&#8221;][et_pb_video src=&#8221;https:\/\/www.youtube.com\/watch?v=gKMcpWz_SFQ&#8221; _builder_version=&#8221;4.16&#8243; _module_preset=&#8221;default&#8221; global_colors_info=&#8221;{}&#8221;][\/et_pb_video][\/et_pb_column][et_pb_column type=&#8221;1_2&#8243; _builder_version=&#8221;4.16&#8243; _module_preset=&#8221;default&#8221; global_colors_info=&#8221;{}&#8221;][et_pb_text _builder_version=&#8221;4.16&#8243; _module_preset=&#8221;default&#8221; global_colors_info=&#8221;{}&#8221;]Reconstrucci\u00f3 virtual de la catedral rom\u00e0nica de Vic cap a mitjan segle XI. La investigaci\u00f3 i l\u2019escaneig 3D han perm\u00e8s reconstruir els dos edificis que tenia el conjunt catedralici d\u2019Oliba: l\u2019esgl\u00e9sia principal de Sant Pere i l\u2019esgl\u00e9sia de Santa Maria \u00abla Rodona\u00bb, on es va adoptar la nova t\u00e8cnica constructiva del \u00abprimer art rom\u00e0nic\u00bb. Aquesta reconstrucci\u00f3 ha suposat m\u00e9s de dos anys de treball cient\u00edfic d\u2019un equip del Museu Episcopal Vic i La Farinera Centre d&#8217;Arts Visuals de Vic i que ha comptat amb la col\u00b7laboraci\u00f3 de la Universitat Polit\u00e8cnica de Catalunya &#8211; UPC.<br \/>\n[\/et_pb_text][\/et_pb_column][\/et_pb_row][\/et_pb_section][et_pb_section fb_built=&#8221;1&#8243; _builder_version=&#8221;4.16&#8243; _module_preset=&#8221;default&#8221; custom_margin=&#8221;-33px||||false|false&#8221; custom_padding=&#8221;0px||||false|false&#8221; global_colors_info=&#8221;{}&#8221;][et_pb_row use_custom_gutter=&#8221;on&#8221; gutter_width=&#8221;2&#8243; _builder_version=&#8221;4.16&#8243; _module_preset=&#8221;default&#8221; global_colors_info=&#8221;{}&#8221;][et_pb_column type=&#8221;4_4&#8243; _builder_version=&#8221;4.16&#8243; _module_preset=&#8221;default&#8221; global_colors_info=&#8221;{}&#8221;][et_pb_gallery gallery_ids=&#8221;392,387,399,402,397,400,423,411,417,420,401,424,426,412,427,415&#8243; posts_number=&#8221;100&#8243; show_title_and_caption=&#8221;off&#8221; show_pagination=&#8221;off&#8221; _builder_version=&#8221;4.16&#8243; _module_preset=&#8221;default&#8221; global_colors_info=&#8221;{}&#8221;][\/et_pb_gallery][\/et_pb_column][\/et_pb_row][\/et_pb_section]<\/p>\n","protected":false},"excerpt":{"rendered":"<p>La catedral de Sant Pere de Vic Les reformes del segle XLa bas\u00edlica que va servir de seu episcopal a l&#8217;antiga Ausa , aixecada immediatament despr\u00e9s del triomf del cristianisme, al segle IV, estava situada molt probablement a la part alta de la ciutat, just al costat del temple rom\u00e0, a l&#8217;\u00e0rea que avui ocupa [&hellip;]<\/p>\n","protected":false},"author":1,"featured_media":0,"parent":0,"menu_order":0,"comment_status":"closed","ping_status":"closed","template":"","meta":{"_et_pb_use_builder":"on","_et_pb_old_content":"","_et_gb_content_width":"","footnotes":""},"class_list":["post-51","page","type-page","status-publish","hentry"],"_links":{"self":[{"href":"https:\/\/www.catedraldevic.org\/index.php?rest_route=\/wp\/v2\/pages\/51","targetHints":{"allow":["GET"]}}],"collection":[{"href":"https:\/\/www.catedraldevic.org\/index.php?rest_route=\/wp\/v2\/pages"}],"about":[{"href":"https:\/\/www.catedraldevic.org\/index.php?rest_route=\/wp\/v2\/types\/page"}],"author":[{"embeddable":true,"href":"https:\/\/www.catedraldevic.org\/index.php?rest_route=\/wp\/v2\/users\/1"}],"replies":[{"embeddable":true,"href":"https:\/\/www.catedraldevic.org\/index.php?rest_route=%2Fwp%2Fv2%2Fcomments&post=51"}],"version-history":[{"count":43,"href":"https:\/\/www.catedraldevic.org\/index.php?rest_route=\/wp\/v2\/pages\/51\/revisions"}],"predecessor-version":[{"id":668,"href":"https:\/\/www.catedraldevic.org\/index.php?rest_route=\/wp\/v2\/pages\/51\/revisions\/668"}],"wp:attachment":[{"href":"https:\/\/www.catedraldevic.org\/index.php?rest_route=%2Fwp%2Fv2%2Fmedia&parent=51"}],"curies":[{"name":"wp","href":"https:\/\/api.w.org\/{rel}","templated":true}]}}