{"id":95,"date":"2021-10-26T17:51:14","date_gmt":"2021-10-26T15:51:14","guid":{"rendered":"http:\/\/www.catedraldevic.org\/?page_id=95"},"modified":"2024-12-16T16:08:45","modified_gmt":"2024-12-16T15:08:45","slug":"sert-i-la-catedral-de-vic","status":"publish","type":"page","link":"https:\/\/www.catedraldevic.org\/?page_id=95","title":{"rendered":"Sert i la catedral de Vic"},"content":{"rendered":"<p>[et_pb_section fb_built=&#8221;1&#8243; fullwidth=&#8221;on&#8221; _builder_version=&#8221;4.16&#8243; _module_preset=&#8221;default&#8221; global_colors_info=&#8221;{}&#8221;][et_pb_fullwidth_slider use_bg_overlay=&#8221;off&#8221; use_text_overlay=&#8221;off&#8221; _builder_version=&#8221;4.16&#8243; _module_preset=&#8221;default&#8221; background_image=&#8221;http:\/\/www.catedraldevic.org\/wp-content\/uploads\/2b47430d0c5637f44f9ce76fef2322bf.jpg&#8221; parallax=&#8221;on&#8221; parallax_method=&#8221;on&#8221; auto=&#8221;on&#8221; global_colors_info=&#8221;{}&#8221;][et_pb_slide heading=&#8221;Sert i la catedral de Vic&#8221; use_bg_overlay=&#8221;on&#8221; use_text_overlay=&#8221;off&#8221; _builder_version=&#8221;4.16&#8243; _module_preset=&#8221;default&#8221; background_color=&#8221;#ff5959&#8243; background_enable_color=&#8221;on&#8221; background_image=&#8221;http:\/\/www.catedraldevic.org\/wp-content\/uploads\/SERT_SLIDER-1.jpg&#8221; background_enable_image=&#8221;on&#8221; width=&#8221;90%&#8221; max_width=&#8221;1024px&#8221; global_colors_info=&#8221;{}&#8221; sticky_transition=&#8221;on&#8221;][\/et_pb_slide][\/et_pb_fullwidth_slider][\/et_pb_section][et_pb_section fb_built=&#8221;1&#8243; _builder_version=&#8221;4.16&#8243; _module_preset=&#8221;default&#8221; global_colors_info=&#8221;{}&#8221;][et_pb_row _builder_version=&#8221;4.16&#8243; _module_preset=&#8221;default&#8221; custom_padding=&#8221;||0px||false|false&#8221; global_colors_info=&#8221;{}&#8221;][et_pb_column type=&#8221;4_4&#8243; _builder_version=&#8221;4.16&#8243; _module_preset=&#8221;default&#8221; global_colors_info=&#8221;{}&#8221;][et_pb_text _builder_version=&#8221;4.16&#8243; _module_preset=&#8221;default&#8221; global_colors_info=&#8221;{}&#8221;]<\/p>\n<h2 style=\"text-align: center;\">La figura i l\u2019obra de Sert<\/h2>\n<p>[\/et_pb_text][\/et_pb_column][\/et_pb_row][et_pb_row _builder_version=&#8221;4.16&#8243; _module_preset=&#8221;default&#8221; global_colors_info=&#8221;{}&#8221;][et_pb_column type=&#8221;4_4&#8243; _builder_version=&#8221;4.16&#8243; _module_preset=&#8221;default&#8221; global_colors_info=&#8221;{}&#8221;][et_pb_accordion _builder_version=&#8221;4.16&#8243; _module_preset=&#8221;default&#8221; global_colors_info=&#8221;{}&#8221;][et_pb_accordion_item title=&#8221;L&#8217;obra de Sert a la Catedral de Sant Pere de Vic&#8221; open=&#8221;on&#8221; _builder_version=&#8221;4.16&#8243; _module_preset=&#8221;default&#8221; global_colors_info=&#8221;{}&#8221;]<\/p>\n<p>Sert no va pintar directament sobre la paret, sin\u00f3 sobre teles, damunt un fons de metall daurat o platejat, que dona a les pintures una lluminositat caracter\u00edstica. Treballava el seu taller amb un equip d\u2019artesans i pintors que l\u2019ajudaven a transformar l\u2019esb\u00f3s inicial en un muntatge tridimensional fet amb figures articulades. D\u2019aquestes escenificacions, en feia fotografies que despr\u00e9s reprodu\u00efa amb els pinzells. Distribu\u00efa les composicions pict\u00f2riques en diverses teles, que unia en el moment de col\u00b7locar-les a l\u2019empla\u00e7ament definitiu. Aleshores, el pintor veia l\u2019efecte de les composicions senceres i hi feia els \u00faltims retocs.<br \/>Al 1907 va presentar a la l\u2019Exposici\u00f3 de Par\u00eds els primers esbossos encarregats al 1900 pel bisbe Torras i Bages per a la Catedral de Vic amb gran \u00e8xit. Les obres del seu primer projecte s\u00f3n la Lluita de Jacob amb l\u2019\u00e0ngel i la Tercera Beneuran\u00e7a, obres decoratives per la Catedral que van estar cedides al Museu Nacional d\u2019Art de Catalunya i no es van materialitzar mai en l\u2019espai.<\/p>\n<p>Entre els anys 1926 i 1927 va poder complir l\u2019enc\u00e0rrec de la decoraci\u00f3 mural de la Catedral de Sant Pere de Vic, per\u00f2 el seu amic i protector Torras i Bages ja havia mort i les teles es van col\u00b7locar gr\u00e0cies a una ajuda econ\u00f2mica del pol\u00edtic Francesc Camb\u00f3.<br \/>Pel juliol de 1936 un incendi arran dels fets de la Guerra Civil va destruir la pr\u00e0ctica totalitat de la decoraci\u00f3 de la Catedral, llevat les pintures del presbiteri. L\u2019artista, molt commocionat, es va proposar tornar a decorar el temple un cop acabat el conflicte. Va acabar la nova decoraci\u00f3 pel novembre de 1945 i pocs dies despr\u00e9s mor\u00ed a Barcelona. Est\u00e0 enterrat, tal i com volia, al claustre de la Catedral de Sant Pere de Vic, ben a prop de l\u2019obra que va marcar tota la seva vida art\u00edstica.<br \/>La tem\u00e0tica pict\u00f2rica de la segona etapa va girar iconogr\u00e0ficament entorn la redempci\u00f3 de l\u2019home gr\u00e0cies a la mort i a la resurrecci\u00f3 de Crist i estava molt marcada i influenciada per l\u2019afectaci\u00f3 personal que va suposar per l\u2019artista la Segona Guerra Mundial i la pr\u00f2pia crema de la seva obra per la Guerra Civil espanyola. A l\u2019absis de l\u2019altar major s\u2019hi pot veure el Calvari, entre les composicions de l\u2019Enterrament de Jes\u00fas i de l\u2019Ascensi\u00f3. Als murs del creuer s\u2019hi representen les escenes del Pecat d\u2019Adam i Eva, el Casament de la Humanitat amb la mort, el Mal \u00fas de la vida i el Parad\u00eds tancat. A banda i banda de la nau central, sobre els arcs de les capelles laterals, s\u2019hi representa el testimoni dels ap\u00f2stols. Al gran tr\u00edptic situat al dors de la fa\u00e7ana, hi ha les composicions de la Condemna de Jes\u00fas, al centre, amb l\u2019Expulsi\u00f3 dels mercaders del temple i la Sortida de Jes\u00fas amb la creu, a cada costat.<\/p>\n<p>Les teles d\u2019aquest tercer projecte constitueixen un llegat art\u00edstic \u00fanic i un testimoni de l\u2019energia creadora d\u2019un artista que es va atrevir a decorar dues vegades un temple de les dimensions de la Catedral de Vic. Entre el primer i l\u2019\u00faltim projecte, Josep M. Sert va desenvolupar una prol\u00edfica carrera art\u00edstica, de la qual la catedral va ser l\u2019eix vertebrador, el seu primer gran repte i l\u2019\u00faltim.<\/p>\n<p>[\/et_pb_accordion_item][et_pb_accordion_item title=&#8221;La figura de Sert&#8221; _builder_version=&#8221;4.16&#8243; _module_preset=&#8221;default&#8221; global_colors_info=&#8221;{}&#8221; open=&#8221;off&#8221;]<\/p>\n<p>L\u2019obra del muralista Josep Maria Sert fa de la Catedral de Sant Pere de Vic un patrimoni \u00fanic al m\u00f3n. Sert \u00e9s dels pocs artistes de la seva \u00e8poca que es va dedicar exclusivament a la pintura mural. A principis del segle XX, el gust per les decoracions murals de sales privades i d\u2019edificis p\u00fablics havia comen\u00e7at a perdre vig\u00e8ncia. Per\u00f2 alguns sectors aristocr\u00e0tics, reticents als nous moviments est\u00e8tics, van donar a Sert l\u2019oportunitat de decorar un gran nombre de mansions, fet que el convertiria en un pintor de renom internacional. L\u2019\u00e8xit li va permetre decorar importants espais p\u00fablics com el vest\u00edbul del Rockefeller Centre de Nova York o la sala del consell de la Societat de Nacions, a Ginebra. El prop\u00f2sit de l\u2019artista era omplir d\u2019art llocs freq\u00fcentats per les multituds. No va abandonar mai la pintura mural i sempre va defensar la seva funci\u00f3. Sert, allunyat dels corrents d\u2019avantguarda, mostra la influ\u00e8ncia del barroc i el gust per l\u2019exotisme, molt d\u2019acord amb l\u2019est\u00e8tica de l\u2019Art Dec\u00f3, en voga a Europa a la primera meitat del segle XX. Els temes religiosos els va tractar bastament a les decoracions de la Catedral de Vic. La figura humana, representada en moviment i sovint en grup, va esdevenir un element determinant. El tractament del color va evolucionar al llarg de la seva obra, del cromatisme ple de les primeres etapes al monocromatisme de la maduresa, complementat amb els tons vermell i s\u00e8pia dels cortinatges, un recurs pict\u00f2ric que utilitzava habitualment. La deriva cap al monocromatisme es deu a l\u2019afectaci\u00f3 en l\u2019artista de la foscor de l\u2019etapa que visqu\u00e9 de ple: la Segona Guerra Mundial i que tant va marcar l\u2019estil pict\u00f2ric de Sert plasmat a la Catedral de Sant Pere de Vic. La qualitat de la seva obra es fa evident en el domini de les t\u00e8cniques de la pintura mural, el tractament de grans superf\u00edcies, l\u2019equilibri de les composicions i la utilitzaci\u00f3 de la llum i el color.<br \/>Aquest artista desenvolup\u00e0 una obra pict\u00f2rica per la qual se\u2019l va considerar el millor pintor muralista del anys trenta.<\/p>\n<p>[\/et_pb_accordion_item][\/et_pb_accordion][\/et_pb_column][\/et_pb_row][\/et_pb_section][et_pb_section fb_built=&#8221;1&#8243; _builder_version=&#8221;4.16&#8243; _module_preset=&#8221;default&#8221; custom_margin=&#8221;0px||||false|false&#8221; custom_padding=&#8221;0px||||false|false&#8221; global_colors_info=&#8221;{}&#8221;][et_pb_row use_custom_gutter=&#8221;on&#8221; gutter_width=&#8221;2&#8243; _builder_version=&#8221;4.16&#8243; _module_preset=&#8221;default&#8221; global_colors_info=&#8221;{}&#8221;][et_pb_column type=&#8221;4_4&#8243; _builder_version=&#8221;4.16&#8243; _module_preset=&#8221;default&#8221; global_colors_info=&#8221;{}&#8221;][et_pb_gallery gallery_ids=&#8221;439,441,440,452,453,451,449,450,448,447,446,444,445,443,442,458&#8243; posts_number=&#8221;100&#8243; show_title_and_caption=&#8221;off&#8221; show_pagination=&#8221;off&#8221; _builder_version=&#8221;4.16&#8243; _module_preset=&#8221;default&#8221; global_colors_info=&#8221;{}&#8221;][\/et_pb_gallery][\/et_pb_column][\/et_pb_row][\/et_pb_section][et_pb_section fb_built=&#8221;1&#8243; _builder_version=&#8221;4.16&#8243; _module_preset=&#8221;default&#8221; global_colors_info=&#8221;{}&#8221;][et_pb_row _builder_version=&#8221;4.16&#8243; _module_preset=&#8221;default&#8221; background_color=&#8221;#E02B20&#8243; background_image=&#8221;http:\/\/www.catedraldevic.org\/wp-content\/uploads\/SERT_WEB_1.jpg&#8221; min_height=&#8221;301.8px&#8221; custom_padding=&#8221;||0px|||&#8221; global_colors_info=&#8221;{}&#8221;][et_pb_column type=&#8221;4_4&#8243; _builder_version=&#8221;4.16&#8243; _module_preset=&#8221;default&#8221; global_colors_info=&#8221;{}&#8221;][et_pb_cta title=&#8221;Recuperaci\u00f3 i revaloraci\u00f3 de l&#8217;obra de Sert a la Catedral de Vic&#8221; button_url=&#8221;@ET-DC@eyJkeW5hbWljIjp0cnVlLCJjb250ZW50IjoicG9zdF9saW5rX3VybF9wYWdlIiwic2V0dGluZ3MiOnsicG9zdF9pZCI6IjEyMSJ9fQ==@&#8221; button_text=&#8221;Entra&#8221; _builder_version=&#8221;4.20.2&#8243; _dynamic_attributes=&#8221;button_url&#8221; _module_preset=&#8221;default&#8221; background_color=&#8221;rgba(10,3,3,0.5)&#8221; text_orientation=&#8221;left&#8221; custom_margin=&#8221;120px||||false|false&#8221; custom_padding=&#8221;20px||10px||false|false&#8221; hover_enabled=&#8221;0&#8243; global_colors_info=&#8221;{}&#8221; sticky_enabled=&#8221;0&#8243;][\/et_pb_cta][\/et_pb_column][\/et_pb_row][\/et_pb_section]<\/p>\n","protected":false},"excerpt":{"rendered":"<p>La figura i l\u2019obra de SertSert no va pintar directament sobre la paret, sin\u00f3 sobre teles, damunt un fons de metall daurat o platejat, que dona a les pintures una lluminositat caracter\u00edstica. Treballava el seu taller amb un equip d\u2019artesans i pintors que l\u2019ajudaven a transformar l\u2019esb\u00f3s inicial en un muntatge tridimensional fet amb figures [&hellip;]<\/p>\n","protected":false},"author":1,"featured_media":0,"parent":0,"menu_order":0,"comment_status":"closed","ping_status":"closed","template":"","meta":{"_et_pb_use_builder":"on","_et_pb_old_content":"","_et_gb_content_width":"","footnotes":""},"class_list":["post-95","page","type-page","status-publish","hentry"],"_links":{"self":[{"href":"https:\/\/www.catedraldevic.org\/index.php?rest_route=\/wp\/v2\/pages\/95","targetHints":{"allow":["GET"]}}],"collection":[{"href":"https:\/\/www.catedraldevic.org\/index.php?rest_route=\/wp\/v2\/pages"}],"about":[{"href":"https:\/\/www.catedraldevic.org\/index.php?rest_route=\/wp\/v2\/types\/page"}],"author":[{"embeddable":true,"href":"https:\/\/www.catedraldevic.org\/index.php?rest_route=\/wp\/v2\/users\/1"}],"replies":[{"embeddable":true,"href":"https:\/\/www.catedraldevic.org\/index.php?rest_route=%2Fwp%2Fv2%2Fcomments&post=95"}],"version-history":[{"count":45,"href":"https:\/\/www.catedraldevic.org\/index.php?rest_route=\/wp\/v2\/pages\/95\/revisions"}],"predecessor-version":[{"id":554,"href":"https:\/\/www.catedraldevic.org\/index.php?rest_route=\/wp\/v2\/pages\/95\/revisions\/554"}],"wp:attachment":[{"href":"https:\/\/www.catedraldevic.org\/index.php?rest_route=%2Fwp%2Fv2%2Fmedia&parent=95"}],"curies":[{"name":"wp","href":"https:\/\/api.w.org\/{rel}","templated":true}]}}